{"id":12450,"date":"2026-06-22T16:55:50","date_gmt":"2026-06-22T14:55:50","guid":{"rendered":"https:\/\/www.allego.eu\/fr\/?page_id=12450"},"modified":"2026-09-01T11:33:13","modified_gmt":"2026-09-01T09:33:13","slug":"frais-de-depassement-de-sejour","status":"publish","type":"page","link":"https:\/\/www.allego.eu\/fr\/frais-de-depassement-de-sejour\/","title":{"rendered":"Frais de d\u00e9passement de la dur\u00e9e de s\u00e9jour"},"content":{"rendered":"<div id=\"hero-block_f29f1ad2536234db2342637d15191d13\" class=\"content-block block-cnt-1 block-type-hero block-has-bg animation-default block-container-default align-overlay-bottom size-default\" style=\"\">\r\n        <div class=\"bg-img\">\r\n        <img decoding=\"async\" class=\"hide-md\" src=\"https:\/\/www.allego.eu\/fr\/wp-content\/graphics\/wp-content-uploads-sites-4-2026-08-overstay-fee-jpg178765344420002000overstay-feeoverstay-fee10001000eager.jpg\" title=\"overstay-fee\" alt=\"overstay-fee\" loading=\"eager\" fetchpriority=\"high\" width=\"2000\" height=\"1333\" ><img decoding=\"async\" src=\"https:\/\/www.allego.eu\/fr\/wp-content\/graphics\/wp-content-uploads-sites-4-2026-08-overstay-fee-jpg178765344410001000.jpg\" title=\"overstay-fee\" alt=\"overstay-fee\" loading=\"eager\" fetchpriority=\"high\" width=\"1000\" height=\"667\"  class=\"show-md\">    <\/div>\r\n    \r\n    <div class=\"container\">\r\n        <div class=\"img\">\r\n                            <div class=\"overlay fx-display fx-justify-center\">\r\n                    <div class=\"container-l\">\r\n                        <div class=\"overlay-content\">\r\n                            \r\n                                                            <h1 class=\"font-size-title color-white\">Les frais d&#8217;occupation, expliqu\u00e9s<\/h1>\r\n                                                                <div class=\"content color-white\">\r\n                                    <p>Frais d&#8217;occupation Allego<\/p>\n                                <\/div>\r\n                                                        <\/div>\r\n                    <\/div>\r\n                <\/div>\r\n                 \r\n        <\/div>\r\n    <\/div>\r\n\r\n    <\/div>\n\n<div id=\"columns-block_8f8be64531940ce69438408752ccd9a7\" class=\"content-block block-cnt-2 block-type-columns space-outside-both-m animation-fadein block-container-l\" style=\"\">\r\n    \r\n    <div class=\"container fx-display fx-justify-center\">\r\n        <div class=\"container-l\">\r\n            \r\n                        \r\n            <div class=\"columns cols-2 size-50-50    \">\r\n                                    <div class=\"column wa-in-view  padding-enabled fx-justify-center     mode-default \">\r\n                                                <div class=\"content content-link-\">\r\n                                                            <h3 class=\"font-size-1\">Que sont les frais d&#8217;occupation ?<\/h3>\r\n                                                        <\/div>\r\n                                            <\/div>\r\n                                        <div class=\"column wa-in-view  padding-default fx-justify-center font-size    mode-default \">\r\n                                                <div class=\"content content-link-\">\r\n                            <div id=\"bannerR\">Les bornes de recharge publiques sont partag\u00e9es entre tous les conducteurs de v\u00e9hicules \u00e9lectriques. Nous constatons de plus en plus souvent que certaines bornes restent occup\u00e9es bien au-del\u00e0 du temps n\u00e9cessaire \u00e0 la recharge, parfois pendant plusieurs heures, voire plusieurs jours. R\u00e9sultat : d&#8217;autres conducteurs doivent patienter ou chercher une borne disponible ailleurs.<\/p>\n<div>\n<p>Les frais d&#8217;occupation ont pour objectif de favoriser la disponibilit\u00e9 des bornes. \u00c0 mesure que le nombre de v\u00e9hicules \u00e9lectriques augmente, il est essentiel que les places de recharge restent accessibles au plus grand nombre. Ces frais encouragent la rotation des v\u00e9hicules et contribuent \u00e0 une utilisation plus \u00e9quitable des infrastructures de recharge.<\/p>\n<\/div>\n<\/div>\n                        <\/div>\r\n                                            <\/div>\r\n                                <\/div>\r\n        <\/div>\r\n    <\/div>\r\n\r\n    <\/div>\n\n<div id=\"text-block_3712490670c494e4df220eba7d6cd075\" class=\"content-block block-cnt-3 block-type-text space-outside-top-l animation-default block-container-m\" style=\"\">\r\n    \r\n    <div class=\"container fx-display fx-justify-center wa-in-view\">\r\n        <div class=\"container-m txt-default\">\r\n                            <div class=\"title wa-in-view\">\r\n                                                <h2 class=\"font-size-2\">Frais d&#8217;occupation pour les bornes de recharge rapide Allego en Europe<\/h2>\r\n                                            <\/div>\r\n                                <div class=\"content font-size wa-in-view\">\r\n                    <p>Les frais d&#8217;occupation varient selon l&#8217;emplacement et le type de borne. Pour les bornes de recharge rapide Allego, des frais d&#8217;occupation s&#8217;appliquent apr\u00e8s 45 minutes lorsque votre v\u00e9hicule n&#8217;est plus en charge. Exemple : Vous rechargez votre v\u00e9hicule pendant 15 minutes et restez stationn\u00e9 pendant 50 minutes au total : des frais d&#8217;occupation sont appliqu\u00e9s pour les 5 minutes d\u00e9passant le d\u00e9lai autoris\u00e9. Vous rechargez votre v\u00e9hicule pendant 1 heure et restez sur place pendant 1 heure et 10 minutes : des frais d&#8217;occupation sont appliqu\u00e9s pour les 10 minutes suppl\u00e9mentaires.<\/p>\n                <\/div>\r\n                        <\/div>\r\n    <\/div>\r\n\r\n    <\/div>\n\n<div id=\"columns-block_329f9ca14212bc579624b1ab1561ba56\" class=\"content-block block-cnt-4 block-type-columns space-outside-top-xs animation-popin block-container-m\" style=\"\">\r\n    \r\n    <div class=\"container fx-display fx-justify-center\">\r\n        <div class=\"container-m\">\r\n            \r\n                        \r\n            <div class=\"columns cols-3 size-    \">\r\n                                    <div class=\"column wa-in-view  padding-enabled fx-justify-center   has-border border-1  mode-default \">\r\n                                                <div class=\"content content-link-\">\r\n                            <p>Type de chargeur : rapide<\/p>\n                        <\/div>\r\n                                            <\/div>\r\n                                        <div class=\"column wa-in-view  padding-enabled fx-justify-center   has-border border-1  mode-default \">\r\n                                                <div class=\"content content-link-\">\r\n                            <p>D\u00e9marre : 45 minutes apr\u00e8s le d\u00e9but de la session de charge<\/p>\n                        <\/div>\r\n                                            <\/div>\r\n                                        <div class=\"column wa-in-view  padding-enabled fx-justify-center   has-border border-1  mode-default \">\r\n                                                <div class=\"content content-link-\">\r\n                            <p>Tarif : 0,25 \u20ac par minute*<\/p>\n                        <\/div>\r\n                                            <\/div>\r\n                                <\/div>\r\n        <\/div>\r\n    <\/div>\r\n\r\n    <\/div>\n\n<div id=\"text-block_ff3b8ec8544314e22183bcc28832f244\" class=\"content-block block-cnt-5 block-type-text space-outside-top-xs animation-default block-container-m\" style=\"\">\r\n    \r\n    <div class=\"container fx-display fx-justify-center wa-in-view\">\r\n        <div class=\"container-m txt-default\">\r\n                            <div class=\"content font-size-s wa-in-view\">\r\n                    <p>*Ces frais refl\u00e8tent le prix de notre r\u00e9seau europ\u00e9en, y compris les nouvelles destinations telles que la Lituanie, l\u2019Espagne et la Suisse. \u2028Les frais peuvent varier l\u00e9g\u00e8rement d\u2019un pays \u00e0 l\u2019autre, reportez-vous \u00e0 notre liste ci-dessous pour voir les prix exacts par pays.<\/p>\n                <\/div>\r\n                        <\/div>\r\n    <\/div>\r\n\r\n    <\/div>\n\n<div id=\"text-block_2cf937e4cafe1aa08070aa961feac166\" class=\"content-block block-cnt-6 block-type-text space-outside-top-s animation-default block-container-m\" style=\"\">\r\n    \r\n    <div class=\"container fx-display fx-justify-center wa-in-view\">\r\n        <div class=\"container-m txt-default\">\r\n                            <div class=\"title wa-in-view\">\r\n                                                <h2 class=\"font-size-4\">Frais d&#8217;occupation pour les bornes de recharge rapide par pays<\/h2>\r\n                                            <\/div>\r\n                        <\/div>\r\n    <\/div>\r\n\r\n    <\/div>\n\n<div id=\"columns-block_07788208db2b4fc735cd5aeab066bded\" class=\"content-block block-cnt-7 block-type-columns space-outside-bottom-m animation-default block-container-l\" style=\"\">\r\n    \r\n    <div class=\"container fx-display fx-justify-center\">\r\n        <div class=\"container-l\">\r\n            \r\n                        \r\n            <div class=\"columns cols-2 size-    \">\r\n                                    <div class=\"column wa-in-view  padding-enabled fx-justify-default     mode-default \">\r\n                                                <div class=\"content content-link-\">\r\n                            <ul>\n<li>Autriche : 0,248 \u20ac<\/li>\n<li>Belgique : 0,250 \u20ac<\/li>\n<li>Danemark: DKK 1 925<\/li>\n<li>Estonie : 0,253 \u20ac<\/li>\n<li>Finlande : 0,257 \u20ac<\/li>\n<li>France : 0,248 \u20ac<\/li>\n<li>Allemagne : 0,246 \u20ac<\/li>\n<\/ul>\n                        <\/div>\r\n                                            <\/div>\r\n                                        <div class=\"column wa-in-view  padding-enabled fx-justify-default     mode-default \">\r\n                                                <div class=\"content content-link-\">\r\n                            <ul>\n<li>Italie : 0,253 \u20ac<\/li>\n<li>Pays-Bas : 0,250 \u20ac<\/li>\n<li>Norv\u00e8ge: 1 738 NOK<\/li>\n<li>Pologne: 1 095 PLN<\/li>\n<li>Royaume-Uni : 0,2178 \u00a3<\/li>\n<li>Su\u00e8de\u00a0: 2,9375 kr<\/li>\n<\/ul>\n                        <\/div>\r\n                                            <\/div>\r\n                                <\/div>\r\n        <\/div>\r\n    <\/div>\r\n\r\n    <\/div>\n\n<div id=\"text-block_4e7f6d601d5a37ab9b20450c69c3eec8\" class=\"content-block block-cnt-8 block-type-text space-outside-top-l animation-default block-container-m\" style=\"\">\r\n    \r\n    <div class=\"container fx-display fx-justify-center wa-in-view\">\r\n        <div class=\"container-m txt-default\">\r\n                            <div class=\"title wa-in-view\">\r\n                                                <h2 class=\"font-size-2\">Frais d&#8217;occupation pour les bornes de recharge AC aux Pays-Bas<\/h2>\r\n                                            <\/div>\r\n                                <div class=\"content font-size wa-in-view\">\r\n                    <p>Les frais d&#8217;occupation pour les bornes AC fonctionnent diff\u00e9remment de ceux appliqu\u00e9s aux bornes de recharge rapide (HPC), car les sessions de recharge AC sont naturellement plus longues. Les donn\u00e9es d&#8217;Allego montrent qu&#8217;un v\u00e9hicule connect\u00e9 \u00e0 une borne AC ne recharge activement sa batterie qu&#8217;environ 40 % du temps. En moyenne, un v\u00e9hicule recharge pendant 3 h 30, tout en restant connect\u00e9 \u00e0 la borne pendant 5 h 30.<\/p>\n<div>\n<p>Les frais d&#8217;occupation ont \u00e9t\u00e9 mis en place pour r\u00e9duire cet \u00e9cart et favoriser une meilleure disponibilit\u00e9 des bornes pour tous les conducteurs. 80 % des sessions de recharge AC se terminent en moins de 5 heures. C&#8217;est pourquoi les frais d&#8217;occupation s&#8217;appliquent 5 heures apr\u00e8s le d\u00e9but de la session, m\u00eame si votre v\u00e9hicule est encore en cours de recharge.<\/p>\n<\/div>\n                <\/div>\r\n                        <\/div>\r\n    <\/div>\r\n\r\n    <\/div>\n\n<div id=\"columns-block_cc9e95e9ebe660053f251d56c75c258c\" class=\"content-block block-cnt-9 block-type-columns space-outside-top-xs animation-popin block-container-m\" style=\"\">\r\n    \r\n    <div class=\"container fx-display fx-justify-center\">\r\n        <div class=\"container-m\">\r\n            \r\n                        \r\n            <div class=\"columns cols-3 size-    \">\r\n                                    <div class=\"column wa-in-view  padding-enabled fx-justify-center   has-border border-1  mode-default \">\r\n                                                <div class=\"content content-link-\">\r\n                            <p>Type de chargeur\u00a0: AC (NL)<\/p>\n                        <\/div>\r\n                                            <\/div>\r\n                                        <div class=\"column wa-in-view  padding-enabled fx-justify-center   has-border border-1  mode-default \">\r\n                                                <div class=\"content content-link-\">\r\n                            <p>D\u00e9marrage : 5 heures apr\u00e8s le d\u00e9but de la session de charge*<\/p>\n                        <\/div>\r\n                                            <\/div>\r\n                                        <div class=\"column wa-in-view  padding-enabled fx-justify-center   has-border border-1  mode-default \">\r\n                                                <div class=\"content content-link-\">\r\n                            <p>Tarif : 0,05 \u20ac par minute**\u2028(3 \u20ac par heure)<\/p>\n                        <\/div>\r\n                                            <\/div>\r\n                                <\/div>\r\n        <\/div>\r\n    <\/div>\r\n\r\n    <\/div>\n\n<div id=\"text-block_d77ebdd52a2916aa0aba24b3f656a9d5\" class=\"content-block block-cnt-10 block-type-text space-outside-top-xs animation-default block-container-m\" style=\"\">\r\n    \r\n    <div class=\"container fx-display fx-justify-center wa-in-view\">\r\n        <div class=\"container-m txt-default\">\r\n                            <div class=\"content font-size-s wa-in-view\">\r\n                    <p>*Ces frais ne sont appliqu\u00e9s qu\u2019entre 7h00 et 23h00 jusqu\u2019\u00e0 un maximum de 16 heures.<br \/>\n**Ces frais ne s\u2019appliquent pas \u00e0 certains appels d\u2019offres publics aux Pays-Bas, tels que Groningue, Drenthe, Overijssel et Gueldre.<\/p>\n                <\/div>\r\n                        <\/div>\r\n    <\/div>\r\n\r\n    <\/div>\n\n<div id=\"text-block_4111df456d23d3cd739d9ceb2caca105\" class=\"content-block block-cnt-11 block-type-text space-outside-top-l animation-default block-container-m\" style=\"\">\r\n    \r\n    <div class=\"container fx-display fx-justify-center wa-in-view\">\r\n        <div class=\"container-m txt-default\">\r\n                            <div class=\"title wa-in-view\">\r\n                                                <h2 class=\"font-size-2\">Frais d&#8217;occupation pour le site Tour &amp; Taxis \u00e0 Bruxelles<\/h2>\r\n                                            <\/div>\r\n                                <div class=\"content font-size wa-in-view\">\r\n                    <p>Le site Tour &amp; Taxis applique une logique similaire \u00e0 celle des bornes AC dans d&#8217;autres r\u00e9gions. Les donn\u00e9es montrent que les conducteurs y laissent leur v\u00e9hicule connect\u00e9 \u00e0 la borne sans recharger activement environ la moiti\u00e9 du temps. En moyenne, un v\u00e9hicule reste connect\u00e9 4 heures en charge, puis 4 heures suppl\u00e9mentaires sans recharge active.<\/p>\n<div>\n<p>Comme 80 % des sessions de recharge sont termin\u00e9es en moins de 6 heures, le d\u00e9lai de gr\u00e2ce a \u00e9t\u00e9 fix\u00e9 \u00e0 6 heures. Au-del\u00e0 de cette dur\u00e9e, des frais d&#8217;occupation s&#8217;appliquent. Ceux-ci sont calcul\u00e9s en fonction du temps de connexion \u00e0 la borne, et non du temps de recharge effectif.<\/p>\n<\/div>\n                <\/div>\r\n                        <\/div>\r\n    <\/div>\r\n\r\n    <\/div>\n\n<div id=\"columns-block_b58da0270bbcfb7002aaf67e6c6f19e0\" class=\"content-block block-cnt-12 block-type-columns space-outside-top-xs animation-popin block-container-m\" style=\"\">\r\n    \r\n    <div class=\"container fx-display fx-justify-center\">\r\n        <div class=\"container-m\">\r\n            \r\n                        \r\n            <div class=\"columns cols-3 size-    \">\r\n                                    <div class=\"column wa-in-view  padding-enabled fx-justify-center   has-border border-1  mode-default \">\r\n                                                <div class=\"content content-link-\">\r\n                            <p>Type de chargeur\u00a0: AC (BE)<\/p>\n                        <\/div>\r\n                                            <\/div>\r\n                                        <div class=\"column wa-in-view  padding-enabled fx-justify-center   has-border border-1  mode-default \">\r\n                                                <div class=\"content content-link-\">\r\n                            <p>D\u00e9marrage : 6 heures apr\u00e8s le d\u00e9but de la session de charge*<\/p>\n                        <\/div>\r\n                                            <\/div>\r\n                                        <div class=\"column wa-in-view  padding-enabled fx-justify-center   has-border border-1  mode-default \">\r\n                                                <div class=\"content content-link-\">\r\n                            <p>Fee: 0,05 \u20ac par minute\u2028(3 \u20ac par heure)<\/p>\n                        <\/div>\r\n                                            <\/div>\r\n                                <\/div>\r\n        <\/div>\r\n    <\/div>\r\n\r\n    <\/div>\n\n<div id=\"text-block_e8c75949314f375555c6795d16f3bacf\" class=\"content-block block-cnt-13 block-type-text space-outside-top-xs animation-default block-container-m\" style=\"\">\r\n    \r\n    <div class=\"container fx-display fx-justify-center wa-in-view\">\r\n        <div class=\"container-m txt-default\">\r\n                            <div class=\"content font-size-s wa-in-view\">\r\n                    <p>*Ces frais ne sont appliqu\u00e9s qu\u2019entre 7h00 et 23h00 jusqu\u2019\u00e0 un maximum de 16 heures.<\/p>\n                <\/div>\r\n                        <\/div>\r\n    <\/div>\r\n\r\n    <\/div>\n\n<div id=\"text-img-block_6ed44ead31cce415ba45dc4b142c0aa2\" class=\"content-block block-cnt-14 block-type-text-img space-outside-both-l animation-default block-container-l display-img-right size-44-56 space-between-s\" style=\"\">\n    \n    <div class=\"container fx-display fx-justify-center\">\n        <div class=\"container-l fx-display fx-justify-space-between fx-md-direction-column\">\n        \n            <div class=\"info-container fx-md-order-0 button-pos-default has-bg bg-1 wa-in-view \">\n                <div class=\"content\">\n                                                <h2 class=\"font-size-4\">Vous avez encore des questions ?<\/h2>\n                            <p>Les frais d&#8217;occupation ont un objectif simple : garantir la disponibilit\u00e9 des bornes pour les conducteurs qui en ont besoin apr\u00e8s vous. Si vous avez encore des questions, notre \u00e9quipe d&#8217;assistance est \u00e0 votre disposition.<\/p>\n                <\/div>\n                <div class=\"buttons cnt-1\">\r\n              <a href=\"https:\/\/www.allego.eu\/fr\/aide-support\/\"  class=\"button  size- \">\n                                <span>Contacter l\u2019assistance<\/span>\n            <\/a>\n            <\/div>            <\/div>\n                            <div class=\"img-container fx-md-order-1 wa-in-view\">\n                    <img decoding=\"async\" src=\"https:\/\/www.allego.eu\/fr\/wp-content\/graphics\/wp-content-uploads-sites-4-2026-08-be97d87746bd95417f04c5a4c34cc7a5b1d67220-jpg17876534437755501be97d87746bd95417f04c5a4c34cc7a5b1d67220be97d87746bd95417f04c5a4c34cc7a5b1d67220lazy.jpg\" title=\"be97d87746bd95417f04c5a4c34cc7a5b1d67220\" alt=\"be97d87746bd95417f04c5a4c34cc7a5b1d67220\" loading=\"lazy\" fetchpriority=\"low\" width=\"775\" height=\"550\" >                <\/div>\n                        <\/div>\n    <\/div>\n\n    <\/div>\n\n<div id=\"faq-block_3f703427d7307e75e9174c87c131d546\" class=\"content-block block-cnt-15 block-type-faq space-outside-both-l animation-default block-container-l\" style=\"\">\r\n    \r\n    <div class=\"container fx-display fx-justify-center\">\r\n        <div class=\"container-l\">\r\n            \r\n                        \r\n            <div class=\"faqs\">\r\n                            <div class=\"faq toggle-sections\">\n                                    <h2 class=\"font-size-h2\">Plus d\u2019informations sur les frais de d&#8217;occupation<\/h2>\n                                    <div class=\"questions\">\n                                                <div id=\"toutes-les-bornes-de-recharge-allego-sont-elles-soumises-aux-frais-doccupation\" class=\"question toggle-section wa-in-view\">\n                                <a href=\"#toutes-les-bornes-de-recharge-allego-sont-elles-soumises-aux-frais-doccupation\" class=\"toggle-section-link font-size font-1-bold\">\n                                    <span class=\"label\">\n                                        Toutes les bornes de recharge Allego sont-elles soumises aux frais d\u2019occupation ?                                    <\/span>\n                                    <span class=\"icon\">\n                                        <svg class=\"graphics-angle-down-3\" width=\"23\" height=\"15\" viewBox=\"0 0 23 15\" fill=\"none\" xmlns=\"http:\/\/www.w3.org\/2000\/svg\"><path d=\"M22.4933 2.29563C22.5928 4.11386 21.5637 4.80086 20.4328 6.04237L17.4835 9.27505L14.5162 12.522C13.9526 13.1384 13.2454 13.9817 12.6533 14.46C11.5481 15.2803 10.1613 15.155 9.22426 14.1594C6.90711 11.697 4.7509 9.1275 2.49555 6.60878C1.79277 5.82342 1.03562 4.9968 0.392846 4.1686C0.123193 3.67755 -0.0225536 3.14445 0.00284744 2.57883C0.0383934 1.87597 0.347078 1.21754 0.860131 0.7487C1.39053 0.257649 2.08983 0.00220299 2.80393 0.0394879C3.27934 0.0632869 3.73834 0.225119 4.12772 0.505153C4.78969 0.98827 6.17614 2.65737 6.78336 3.34913L11.1275 8.2985L15.7251 3.22855C16.5921 2.27421 18.0189 0.411547 19.1911 0.0910549C19.8697 -0.0953697 20.593 0.00697172 21.1969 0.375061C21.9574 0.83438 22.2847 1.45156 22.4933 2.29563Z\" fill=\"#1C2729\"\/><\/svg>                                     <\/span>\n                                <\/a>\n                                <div class=\"toggle-section-content content\">\n                                    <p>Pas tous. Certaines gares d\u2019Allego aux Pays-Bas, qui font partie d\u2019appels d\u2019offres publics sp\u00e9cifiques \u00e0 Groningue, Drenthe, Overijssel et Gueldre, sont exon\u00e9r\u00e9es de la redevance de d\u00e9passement de s\u00e9jour.<\/p>\n                                <\/div>\n                            <\/div>\n                                                        <div id=\"allego-applique-t-il-les-frais-doccupation-a-tout-moment-de-la-journee\" class=\"question toggle-section wa-in-view\">\n                                <a href=\"#allego-applique-t-il-les-frais-doccupation-a-tout-moment-de-la-journee\" class=\"toggle-section-link font-size font-1-bold\">\n                                    <span class=\"label\">\n                                        Allego applique-t-il les frais d\u2019occupation \u00e0 tout moment de la journ\u00e9e ?                                    <\/span>\n                                    <span class=\"icon\">\n                                        <svg class=\"graphics-angle-down-3\" width=\"23\" height=\"15\" viewBox=\"0 0 23 15\" fill=\"none\" xmlns=\"http:\/\/www.w3.org\/2000\/svg\"><path d=\"M22.4933 2.29563C22.5928 4.11386 21.5637 4.80086 20.4328 6.04237L17.4835 9.27505L14.5162 12.522C13.9526 13.1384 13.2454 13.9817 12.6533 14.46C11.5481 15.2803 10.1613 15.155 9.22426 14.1594C6.90711 11.697 4.7509 9.1275 2.49555 6.60878C1.79277 5.82342 1.03562 4.9968 0.392846 4.1686C0.123193 3.67755 -0.0225536 3.14445 0.00284744 2.57883C0.0383934 1.87597 0.347078 1.21754 0.860131 0.7487C1.39053 0.257649 2.08983 0.00220299 2.80393 0.0394879C3.27934 0.0632869 3.73834 0.225119 4.12772 0.505153C4.78969 0.98827 6.17614 2.65737 6.78336 3.34913L11.1275 8.2985L15.7251 3.22855C16.5921 2.27421 18.0189 0.411547 19.1911 0.0910549C19.8697 -0.0953697 20.593 0.00697172 21.1969 0.375061C21.9574 0.83438 22.2847 1.45156 22.4933 2.29563Z\" fill=\"#1C2729\"\/><\/svg>                                     <\/span>\n                                <\/a>\n                                <div class=\"toggle-section-content content\">\n                                    <p>Cela d\u00e9pend du chargeur. Les frais d\u2019<span class=\"mark4ze48rub0\" data-markjs=\"true\" data-ogac=\"\" data-ogab=\"\" data-ogsc=\"\" data-ogsb=\"\" data-ogsbtc=\"\" data-ogsbrc=\"\" data-ogsbbc=\"\" data-ogsblc=\"\">occupation<\/span> HPC d\u2019Allego s\u2019appliquent \u00e0 tout moment, car les chargeurs rapides sont destin\u00e9s \u00e0 de courts arr\u00eats. Aux Pays-Bas et sur le site Tour &amp; Taxis \u00e0 Bruxelles, les frais d&#8217;occupation des bornes AC s&#8217;appliquent uniquement entre 7h00 et 23h00, dans la limite de 16 heures maximum.<\/p>\n                                <\/div>\n                            <\/div>\n                                                        <div id=\"la-periode-de-grace-dallego-differe-t-elle-entre-les-chargeurs-ac-et-hpc\" class=\"question toggle-section wa-in-view\">\n                                <a href=\"#la-periode-de-grace-dallego-differe-t-elle-entre-les-chargeurs-ac-et-hpc\" class=\"toggle-section-link font-size font-1-bold\">\n                                    <span class=\"label\">\n                                        La p\u00e9riode de gr\u00e2ce d\u2019Allego diff\u00e8re-t-elle entre les chargeurs AC et HPC ?                                    <\/span>\n                                    <span class=\"icon\">\n                                        <svg class=\"graphics-angle-down-3\" width=\"23\" height=\"15\" viewBox=\"0 0 23 15\" fill=\"none\" xmlns=\"http:\/\/www.w3.org\/2000\/svg\"><path d=\"M22.4933 2.29563C22.5928 4.11386 21.5637 4.80086 20.4328 6.04237L17.4835 9.27505L14.5162 12.522C13.9526 13.1384 13.2454 13.9817 12.6533 14.46C11.5481 15.2803 10.1613 15.155 9.22426 14.1594C6.90711 11.697 4.7509 9.1275 2.49555 6.60878C1.79277 5.82342 1.03562 4.9968 0.392846 4.1686C0.123193 3.67755 -0.0225536 3.14445 0.00284744 2.57883C0.0383934 1.87597 0.347078 1.21754 0.860131 0.7487C1.39053 0.257649 2.08983 0.00220299 2.80393 0.0394879C3.27934 0.0632869 3.73834 0.225119 4.12772 0.505153C4.78969 0.98827 6.17614 2.65737 6.78336 3.34913L11.1275 8.2985L15.7251 3.22855C16.5921 2.27421 18.0189 0.411547 19.1911 0.0910549C19.8697 -0.0953697 20.593 0.00697172 21.1969 0.375061C21.9574 0.83438 22.2847 1.45156 22.4933 2.29563Z\" fill=\"#1C2729\"\/><\/svg>                                     <\/span>\n                                <\/a>\n                                <div class=\"toggle-section-content content\">\n                                    <p>Oui. Les chargeurs HPC sur le r\u00e9seau Allego ont une p\u00e9riode de gr\u00e2ce de 45 minutes, \u00e0 compter du d\u00e9but de votre session de recharge. Les bornes AC rechargent naturellement plus lentement. C&#8217;est pourquoi Allego applique un d\u00e9lai de gr\u00e2ce plus long \u00e0 partir du d\u00e9but de la session : 5 heures aux Pays-Bas et 6 heures sur le site Tour &amp; Taxis \u00e0 Bruxelles. Ces dur\u00e9es ont \u00e9t\u00e9 d\u00e9finies \u00e0 partir du temps de recharge observ\u00e9 sur la majorit\u00e9 des sessions.<\/p>\n                                <\/div>\n                            <\/div>\n                                                        <div id=\"puis-je-etre-facture-des-frais-doccupation-chez-allego-alors-que-ma-voiture-est-encore-en-charge\" class=\"question toggle-section wa-in-view\">\n                                <a href=\"#puis-je-etre-facture-des-frais-doccupation-chez-allego-alors-que-ma-voiture-est-encore-en-charge\" class=\"toggle-section-link font-size font-1-bold\">\n                                    <span class=\"label\">\n                                        Puis-je \u00eatre factur\u00e9 des frais d&#8217;occupation chez Allego alors que ma voiture est encore en charge ?                                    <\/span>\n                                    <span class=\"icon\">\n                                        <svg class=\"graphics-angle-down-3\" width=\"23\" height=\"15\" viewBox=\"0 0 23 15\" fill=\"none\" xmlns=\"http:\/\/www.w3.org\/2000\/svg\"><path d=\"M22.4933 2.29563C22.5928 4.11386 21.5637 4.80086 20.4328 6.04237L17.4835 9.27505L14.5162 12.522C13.9526 13.1384 13.2454 13.9817 12.6533 14.46C11.5481 15.2803 10.1613 15.155 9.22426 14.1594C6.90711 11.697 4.7509 9.1275 2.49555 6.60878C1.79277 5.82342 1.03562 4.9968 0.392846 4.1686C0.123193 3.67755 -0.0225536 3.14445 0.00284744 2.57883C0.0383934 1.87597 0.347078 1.21754 0.860131 0.7487C1.39053 0.257649 2.08983 0.00220299 2.80393 0.0394879C3.27934 0.0632869 3.73834 0.225119 4.12772 0.505153C4.78969 0.98827 6.17614 2.65737 6.78336 3.34913L11.1275 8.2985L15.7251 3.22855C16.5921 2.27421 18.0189 0.411547 19.1911 0.0910549C19.8697 -0.0953697 20.593 0.00697172 21.1969 0.375061C21.9574 0.83438 22.2847 1.45156 22.4933 2.29563Z\" fill=\"#1C2729\"\/><\/svg>                                     <\/span>\n                                <\/a>\n                                <div class=\"toggle-section-content content\">\n                                    <p>Cela d\u00e9pend du chargeur. Chez les chargeurs HPC, Allego ne facture jamais de frais de d\u00e9passement de dur\u00e9e pendant que votre voiture est en charge activement, les frais ne commencent qu\u2019une fois que la p\u00e9riode de gr\u00e2ce de 45 minutes est pass\u00e9e et que la charge s\u2019est effectivement arr\u00eat\u00e9e. Sur les bornes AC aux Pays-Bas et sur le site Tour &amp; Taxis \u00e0 Bruxelles, les frais d&#8217;occupation s&#8217;appliquent 5 ou 6 heures apr\u00e8s le d\u00e9but de votre session, m\u00eame si votre v\u00e9hicule est toujours en cours de recharge. Il est donc possible que des frais d&#8217;occupation vous soient factur\u00e9s alors que votre v\u00e9hicule est encore connect\u00e9 et en charge.<\/p>\n                                <\/div>\n                            <\/div>\n                                                        <div id=\"ou-puis-je-verifier-si-allego-ma-facture-des-frais-doccupation\" class=\"question toggle-section wa-in-view\">\n                                <a href=\"#ou-puis-je-verifier-si-allego-ma-facture-des-frais-doccupation\" class=\"toggle-section-link font-size font-1-bold\">\n                                    <span class=\"label\">\n                                        O\u00f9 puis-je v\u00e9rifier si Allego m\u2019a factur\u00e9 des frais d\u2019occupation ?                                    <\/span>\n                                    <span class=\"icon\">\n                                        <svg class=\"graphics-angle-down-3\" width=\"23\" height=\"15\" viewBox=\"0 0 23 15\" fill=\"none\" xmlns=\"http:\/\/www.w3.org\/2000\/svg\"><path d=\"M22.4933 2.29563C22.5928 4.11386 21.5637 4.80086 20.4328 6.04237L17.4835 9.27505L14.5162 12.522C13.9526 13.1384 13.2454 13.9817 12.6533 14.46C11.5481 15.2803 10.1613 15.155 9.22426 14.1594C6.90711 11.697 4.7509 9.1275 2.49555 6.60878C1.79277 5.82342 1.03562 4.9968 0.392846 4.1686C0.123193 3.67755 -0.0225536 3.14445 0.00284744 2.57883C0.0383934 1.87597 0.347078 1.21754 0.860131 0.7487C1.39053 0.257649 2.08983 0.00220299 2.80393 0.0394879C3.27934 0.0632869 3.73834 0.225119 4.12772 0.505153C4.78969 0.98827 6.17614 2.65737 6.78336 3.34913L11.1275 8.2985L15.7251 3.22855C16.5921 2.27421 18.0189 0.411547 19.1911 0.0910549C19.8697 -0.0953697 20.593 0.00697172 21.1969 0.375061C21.9574 0.83438 22.2847 1.45156 22.4933 2.29563Z\" fill=\"#1C2729\"\/><\/svg>                                     <\/span>\n                                <\/a>\n                                <div class=\"toggle-section-content content\">\n                                    <p>Les frais d\u2019<span class=\"mark4ze48rub0\" data-markjs=\"true\" data-ogac=\"\" data-ogab=\"\" data-ogsc=\"\" data-ogsb=\"\" data-ogsbtc=\"\" data-ogsbrc=\"\" data-ogsbbc=\"\" data-ogsblc=\"\">occupation<\/span> apparaissent sous la forme d\u2019une ligne distincte dans l\u2019historique de votre session de recharge, visible dans l&#8217;<a href=\"www.allego.eu\/app\">Appli Allego<\/a> ou sur la facture de votre fournisseur de recharge.<\/p>\n                                <\/div>\n                            <\/div>\n                                                        <div id=\"vais-je-payer-le-frais-doccupation-dallego-si-je-recharge-via-une-autre-application\" class=\"question toggle-section wa-in-view\">\n                                <a href=\"#vais-je-payer-le-frais-doccupation-dallego-si-je-recharge-via-une-autre-application\" class=\"toggle-section-link font-size font-1-bold\">\n                                    <span class=\"label\">\n                                        Vais-je payer le frais d\u2019occupation d\u2019Allego si je recharge via une autre application ?                                    <\/span>\n                                    <span class=\"icon\">\n                                        <svg class=\"graphics-angle-down-3\" width=\"23\" height=\"15\" viewBox=\"0 0 23 15\" fill=\"none\" xmlns=\"http:\/\/www.w3.org\/2000\/svg\"><path d=\"M22.4933 2.29563C22.5928 4.11386 21.5637 4.80086 20.4328 6.04237L17.4835 9.27505L14.5162 12.522C13.9526 13.1384 13.2454 13.9817 12.6533 14.46C11.5481 15.2803 10.1613 15.155 9.22426 14.1594C6.90711 11.697 4.7509 9.1275 2.49555 6.60878C1.79277 5.82342 1.03562 4.9968 0.392846 4.1686C0.123193 3.67755 -0.0225536 3.14445 0.00284744 2.57883C0.0383934 1.87597 0.347078 1.21754 0.860131 0.7487C1.39053 0.257649 2.08983 0.00220299 2.80393 0.0394879C3.27934 0.0632869 3.73834 0.225119 4.12772 0.505153C4.78969 0.98827 6.17614 2.65737 6.78336 3.34913L11.1275 8.2985L15.7251 3.22855C16.5921 2.27421 18.0189 0.411547 19.1911 0.0910549C19.8697 -0.0953697 20.593 0.00697172 21.1969 0.375061C21.9574 0.83438 22.2847 1.45156 22.4933 2.29563Z\" fill=\"#1C2729\"\/><\/svg>                                     <\/span>\n                                <\/a>\n                                <div class=\"toggle-section-content content\">\n                                    <p>Pas n\u00e9cessairement. Si vous facturez par l\u2019interm\u00e9diaire d\u2019un fournisseur de services de mobilit\u00e9 (MSP) plut\u00f4t que directement aupr\u00e8s d\u2019Allego, ce fournisseur fixe sa propre tarification, qui peut diff\u00e9rer des tarifs de d\u00e9passement standard d\u2019Allego. Contactez votre MSP pour conna\u00eetre les tarifs exacts.<\/p>\n                                <\/div>\n                            <\/div>\n                                                        <div id=\"comment-puis-je-savoir-si-les-frais-doccupation-dallego-sappliquent-a-une-borne-de-recharge-specifique\" class=\"question toggle-section wa-in-view\">\n                                <a href=\"#comment-puis-je-savoir-si-les-frais-doccupation-dallego-sappliquent-a-une-borne-de-recharge-specifique\" class=\"toggle-section-link font-size font-1-bold\">\n                                    <span class=\"label\">\n                                        Comment puis-je savoir si les frais d\u2019occupation d\u2019Allego s\u2019appliquent \u00e0 une borne de recharge sp\u00e9cifique ?                                    <\/span>\n                                    <span class=\"icon\">\n                                        <svg class=\"graphics-angle-down-3\" width=\"23\" height=\"15\" viewBox=\"0 0 23 15\" fill=\"none\" xmlns=\"http:\/\/www.w3.org\/2000\/svg\"><path d=\"M22.4933 2.29563C22.5928 4.11386 21.5637 4.80086 20.4328 6.04237L17.4835 9.27505L14.5162 12.522C13.9526 13.1384 13.2454 13.9817 12.6533 14.46C11.5481 15.2803 10.1613 15.155 9.22426 14.1594C6.90711 11.697 4.7509 9.1275 2.49555 6.60878C1.79277 5.82342 1.03562 4.9968 0.392846 4.1686C0.123193 3.67755 -0.0225536 3.14445 0.00284744 2.57883C0.0383934 1.87597 0.347078 1.21754 0.860131 0.7487C1.39053 0.257649 2.08983 0.00220299 2.80393 0.0394879C3.27934 0.0632869 3.73834 0.225119 4.12772 0.505153C4.78969 0.98827 6.17614 2.65737 6.78336 3.34913L11.1275 8.2985L15.7251 3.22855C16.5921 2.27421 18.0189 0.411547 19.1911 0.0910549C19.8697 -0.0953697 20.593 0.00697172 21.1969 0.375061C21.9574 0.83438 22.2847 1.45156 22.4933 2.29563Z\" fill=\"#1C2729\"\/><\/svg>                                     <\/span>\n                                <\/a>\n                                <div class=\"toggle-section-content content\">\n                                    <p>V\u00e9rifiez la station sur le <a href=\"www.allego.eu\">Site web d\u2019Allego<\/a> ou dans l&#8217;<a href=\"www.allego.eu\/app\">Appli Allego<\/a> pour savoir si les frais d\u2019<span class=\"mark4ze48rub0\" data-markjs=\"true\" data-ogac=\"\" data-ogab=\"\" data-ogsc=\"\" data-ogsb=\"\" data-ogsbtc=\"\" data-ogsbrc=\"\" data-ogsbbc=\"\" data-ogsblc=\"\">occupation<\/span> s\u2019appliquent \u00e0 cet endroit.<\/p>\n                                <\/div>\n                            <\/div>\n                                            <\/div>\n            <\/div>\n                        <\/div>\r\n            \r\n        <\/div>\r\n    <\/div>\r\n\r\n    <\/div>","protected":false},"excerpt":{"rendered":"","protected":false},"author":1,"featured_media":0,"parent":0,"menu_order":0,"comment_status":"closed","ping_status":"closed","template":"","meta":{"_acf_changed":false,"footnotes":""},"class_list":["post-12450","page","type-page","status-publish","hentry"],"acf":[],"yoast_head":"<!-- This site is optimized with the Yoast SEO plugin v28.3 - https:\/\/yoast.com\/product\/yoast-seo-wordpress\/ -->\n<title>Frais de d\u00e9passement de la dur\u00e9e de s\u00e9jour - Allego<\/title>\n<meta name=\"robots\" content=\"index, follow, max-snippet:-1, max-image-preview:large, max-video-preview:-1\" \/>\n<link rel=\"canonical\" href=\"https:\/\/www.allego.eu\/fr\/frais-de-depassement-de-sejour\/\" \/>\n<meta property=\"og:locale\" content=\"fr_FR\" \/>\n<meta property=\"og:type\" content=\"article\" \/>\n<meta property=\"og:title\" content=\"Frais de d\u00e9passement de la dur\u00e9e de s\u00e9jour - Allego\" \/>\n<meta property=\"og:url\" content=\"https:\/\/www.allego.eu\/fr\/frais-de-depassement-de-sejour\/\" \/>\n<meta property=\"og:site_name\" content=\"Allego\" \/>\n<meta property=\"article:publisher\" content=\"https:\/\/www.facebook.com\/allegocharging\/\" \/>\n<meta property=\"article:modified_time\" content=\"2026-09-01T09:33:13+00:00\" \/>\n<meta name=\"twitter:card\" content=\"summary_large_image\" \/>\n<meta name=\"twitter:label1\" content=\"Dur\u00e9e de lecture estim\u00e9e\" \/>\n\t<meta name=\"twitter:data1\" content=\"4 minutes\" \/>\n<script type=\"application\/ld+json\" class=\"yoast-schema-graph\">{\"@context\":\"https:\\\/\\\/schema.org\",\"@graph\":[{\"@type\":\"WebPage\",\"@id\":\"https:\\\/\\\/www.allego.eu\\\/fr\\\/frais-de-depassement-de-sejour\\\/\",\"url\":\"https:\\\/\\\/www.allego.eu\\\/fr\\\/frais-de-depassement-de-sejour\\\/\",\"name\":\"Frais de d\u00e9passement de la dur\u00e9e de s\u00e9jour - Allego\",\"isPartOf\":{\"@id\":\"https:\\\/\\\/www.allego.eu\\\/fr\\\/#website\"},\"datePublished\":\"2026-06-22T14:55:50+00:00\",\"dateModified\":\"2026-09-01T09:33:13+00:00\",\"breadcrumb\":{\"@id\":\"https:\\\/\\\/www.allego.eu\\\/fr\\\/frais-de-depassement-de-sejour\\\/#breadcrumb\"},\"inLanguage\":\"fr-FR\",\"potentialAction\":[{\"@type\":\"ReadAction\",\"target\":[\"https:\\\/\\\/www.allego.eu\\\/fr\\\/frais-de-depassement-de-sejour\\\/\"]}]},{\"@type\":\"BreadcrumbList\",\"@id\":\"https:\\\/\\\/www.allego.eu\\\/fr\\\/frais-de-depassement-de-sejour\\\/#breadcrumb\",\"itemListElement\":[{\"@type\":\"ListItem\",\"position\":1,\"name\":\"Home\",\"item\":\"https:\\\/\\\/www.allego.eu\\\/fr\\\/\"},{\"@type\":\"ListItem\",\"position\":2,\"name\":\"Frais de d\u00e9passement de la dur\u00e9e de s\u00e9jour\"}]},{\"@type\":\"WebSite\",\"@id\":\"https:\\\/\\\/www.allego.eu\\\/fr\\\/#website\",\"url\":\"https:\\\/\\\/www.allego.eu\\\/fr\\\/\",\"name\":\"Allego\",\"description\":\"\",\"publisher\":{\"@id\":\"https:\\\/\\\/www.allego.eu\\\/fr\\\/#organization\"},\"potentialAction\":[{\"@type\":\"SearchAction\",\"target\":{\"@type\":\"EntryPoint\",\"urlTemplate\":\"https:\\\/\\\/www.allego.eu\\\/fr\\\/?s={search_term_string}\"},\"query-input\":{\"@type\":\"PropertyValueSpecification\",\"valueRequired\":true,\"valueName\":\"search_term_string\"}}],\"inLanguage\":\"fr-FR\"},{\"@type\":\"Organization\",\"@id\":\"https:\\\/\\\/www.allego.eu\\\/fr\\\/#organization\",\"name\":\"Allego B.V.\",\"url\":\"https:\\\/\\\/www.allego.eu\\\/fr\\\/\",\"logo\":{\"@type\":\"ImageObject\",\"inLanguage\":\"fr-FR\",\"@id\":\"https:\\\/\\\/www.allego.eu\\\/fr\\\/#\\\/schema\\\/logo\\\/image\\\/\",\"url\":\"https:\\\/\\\/www.allego.eu\\\/fr\\\/wp-content\\\/uploads\\\/sites\\\/4\\\/2026\\\/06\\\/logo.svg\",\"contentUrl\":\"https:\\\/\\\/www.allego.eu\\\/fr\\\/wp-content\\\/uploads\\\/sites\\\/4\\\/2026\\\/06\\\/logo.svg\",\"width\":1,\"height\":1,\"caption\":\"Allego B.V.\"},\"image\":{\"@id\":\"https:\\\/\\\/www.allego.eu\\\/fr\\\/#\\\/schema\\\/logo\\\/image\\\/\"},\"sameAs\":[\"https:\\\/\\\/www.facebook.com\\\/allegocharging\\\/\"]}]}<\/script>\n<!-- \/ Yoast SEO plugin. -->","yoast_head_json":{"title":"Frais de d\u00e9passement de la dur\u00e9e de s\u00e9jour - Allego","robots":{"index":"index","follow":"follow","max-snippet":"max-snippet:-1","max-image-preview":"max-image-preview:large","max-video-preview":"max-video-preview:-1"},"canonical":"https:\/\/www.allego.eu\/fr\/frais-de-depassement-de-sejour\/","og_locale":"fr_FR","og_type":"article","og_title":"Frais de d\u00e9passement de la dur\u00e9e de s\u00e9jour - Allego","og_url":"https:\/\/www.allego.eu\/fr\/frais-de-depassement-de-sejour\/","og_site_name":"Allego","article_publisher":"https:\/\/www.facebook.com\/allegocharging\/","article_modified_time":"2026-09-01T09:33:13+00:00","twitter_card":"summary_large_image","twitter_misc":{"Dur\u00e9e de lecture estim\u00e9e":"4 minutes"},"schema":{"@context":"https:\/\/schema.org","@graph":[{"@type":"WebPage","@id":"https:\/\/www.allego.eu\/fr\/frais-de-depassement-de-sejour\/","url":"https:\/\/www.allego.eu\/fr\/frais-de-depassement-de-sejour\/","name":"Frais de d\u00e9passement de la dur\u00e9e de s\u00e9jour - Allego","isPartOf":{"@id":"https:\/\/www.allego.eu\/fr\/#website"},"datePublished":"2026-06-22T14:55:50+00:00","dateModified":"2026-09-01T09:33:13+00:00","breadcrumb":{"@id":"https:\/\/www.allego.eu\/fr\/frais-de-depassement-de-sejour\/#breadcrumb"},"inLanguage":"fr-FR","potentialAction":[{"@type":"ReadAction","target":["https:\/\/www.allego.eu\/fr\/frais-de-depassement-de-sejour\/"]}]},{"@type":"BreadcrumbList","@id":"https:\/\/www.allego.eu\/fr\/frais-de-depassement-de-sejour\/#breadcrumb","itemListElement":[{"@type":"ListItem","position":1,"name":"Home","item":"https:\/\/www.allego.eu\/fr\/"},{"@type":"ListItem","position":2,"name":"Frais de d\u00e9passement de la dur\u00e9e de s\u00e9jour"}]},{"@type":"WebSite","@id":"https:\/\/www.allego.eu\/fr\/#website","url":"https:\/\/www.allego.eu\/fr\/","name":"Allego","description":"","publisher":{"@id":"https:\/\/www.allego.eu\/fr\/#organization"},"potentialAction":[{"@type":"SearchAction","target":{"@type":"EntryPoint","urlTemplate":"https:\/\/www.allego.eu\/fr\/?s={search_term_string}"},"query-input":{"@type":"PropertyValueSpecification","valueRequired":true,"valueName":"search_term_string"}}],"inLanguage":"fr-FR"},{"@type":"Organization","@id":"https:\/\/www.allego.eu\/fr\/#organization","name":"Allego B.V.","url":"https:\/\/www.allego.eu\/fr\/","logo":{"@type":"ImageObject","inLanguage":"fr-FR","@id":"https:\/\/www.allego.eu\/fr\/#\/schema\/logo\/image\/","url":"https:\/\/www.allego.eu\/fr\/wp-content\/uploads\/sites\/4\/2026\/06\/logo.svg","contentUrl":"https:\/\/www.allego.eu\/fr\/wp-content\/uploads\/sites\/4\/2026\/06\/logo.svg","width":1,"height":1,"caption":"Allego B.V."},"image":{"@id":"https:\/\/www.allego.eu\/fr\/#\/schema\/logo\/image\/"},"sameAs":["https:\/\/www.facebook.com\/allegocharging\/"]}]}},"_links":{"self":[{"href":"https:\/\/www.allego.eu\/fr\/wp-json\/wp\/v2\/pages\/12450","targetHints":{"allow":["GET"]}}],"collection":[{"href":"https:\/\/www.allego.eu\/fr\/wp-json\/wp\/v2\/pages"}],"about":[{"href":"https:\/\/www.allego.eu\/fr\/wp-json\/wp\/v2\/types\/page"}],"author":[{"embeddable":true,"href":"https:\/\/www.allego.eu\/fr\/wp-json\/wp\/v2\/users\/1"}],"replies":[{"embeddable":true,"href":"https:\/\/www.allego.eu\/fr\/wp-json\/wp\/v2\/comments?post=12450"}],"version-history":[{"count":8,"href":"https:\/\/www.allego.eu\/fr\/wp-json\/wp\/v2\/pages\/12450\/revisions"}],"predecessor-version":[{"id":13936,"href":"https:\/\/www.allego.eu\/fr\/wp-json\/wp\/v2\/pages\/12450\/revisions\/13936"}],"wp:attachment":[{"href":"https:\/\/www.allego.eu\/fr\/wp-json\/wp\/v2\/media?parent=12450"}],"curies":[{"name":"wp","href":"https:\/\/api.w.org\/{rel}","templated":true}]}}